{"id":24,"date":"2016-11-20T13:52:44","date_gmt":"2016-11-20T12:52:44","guid":{"rendered":"http:\/\/www.histoiredyvoir.fr\/?page_id=24"},"modified":"2017-09-13T16:53:15","modified_gmt":"2017-09-13T14:53:15","slug":"verres","status":"publish","type":"page","link":"https:\/\/www.histoiredyvoir.fr\/index.php\/verres\/","title":{"rendered":"Verres"},"content":{"rendered":"<div id=\"pl-24\"  class=\"panel-layout\" ><div id=\"pg-24-0\"  class=\"panel-grid panel-has-style\" ><div class=\"panel-row-style panel-row-style-for-24-0\" ><div id=\"pgc-24-0-0\"  class=\"panel-grid-cell\" ><div id=\"panel-24-0-0-0\" class=\"so-panel widget widget_sow-image panel-first-child panel-last-child\" data-index=\"0\" ><div\n\t\t\t\n\t\t\tclass=\"so-widget-sow-image so-widget-sow-image-default-8b5b6f678277-24\"\n\t\t\t\n\t\t>\n\n<div class=\"sow-image-container\">\n\t\t<img loading=\"lazy\" decoding=\"async\" src=\"https:\/\/www.histoiredyvoir.fr\/wp-content\/uploads\/2016\/11\/unifocal.jpg\" width=\"670\" height=\"350\" srcset=\"https:\/\/www.histoiredyvoir.fr\/wp-content\/uploads\/2016\/11\/unifocal.jpg 670w, https:\/\/www.histoiredyvoir.fr\/wp-content\/uploads\/2016\/11\/unifocal-300x157.jpg 300w, https:\/\/www.histoiredyvoir.fr\/wp-content\/uploads\/2016\/11\/unifocal-600x313.jpg 600w\" sizes=\"(max-width: 670px) 100vw, 670px\" title=\"Les verres unifocaux\" alt=\"uni focal\" loading=\"lazy\" \t\tclass=\"so-widget-image\"\/>\n\t<\/div>\n\n<\/div><\/div><\/div><div id=\"pgc-24-0-1\"  class=\"panel-grid-cell\" ><div id=\"panel-24-0-1-0\" class=\"so-panel widget widget_sow-editor panel-first-child panel-last-child\" data-index=\"1\" ><div\n\t\t\t\n\t\t\tclass=\"so-widget-sow-editor so-widget-sow-editor-base\"\n\t\t\t\n\t\t>\n<div class=\"siteorigin-widget-tinymce textwidget\">\n\t<h5 style=\"text-align: left;\">\u00a0<\/h5>\n<h5 style=\"text-align: left;\"><b>\u00a0LES VERRES UNIFOCAUX<\/b><\/h5>\n<p>Ce sont les verres de correction les plus utilis\u00e9s. Ils traitent myopie, hyperm\u00e9tropie, astigmatisme ou presbytie. Ils proposent une correction identique sur toute leur surface.<\/p>\n<p>Votre opticien Histoire d'y voir a choisi les\u00a0verres fran\u00e7ais MontRoyal\u00a0afin de vous proposer qualit\u00e9 et confort de vision\u00a0\u00e0 des prix imbattables.<\/p>\n<\/div>\n<\/div><\/div><\/div><\/div><\/div><div id=\"pg-24-1\"  class=\"panel-grid panel-no-style\" ><div id=\"pgc-24-1-0\"  class=\"panel-grid-cell panel-grid-cell-empty\" ><\/div><div id=\"pgc-24-1-1\"  class=\"panel-grid-cell\" ><div id=\"panel-24-1-1-0\" class=\"so-panel widget widget_sow-image panel-first-child panel-last-child\" data-index=\"2\" ><div\n\t\t\t\n\t\t\tclass=\"so-widget-sow-image so-widget-sow-image-default-8b5b6f678277-24\"\n\t\t\t\n\t\t>\n\n<div class=\"sow-image-container\">\n\t\t<img loading=\"lazy\" decoding=\"async\" src=\"https:\/\/www.histoiredyvoir.fr\/wp-content\/uploads\/2016\/11\/midistances.jpg\" width=\"350\" height=\"350\" srcset=\"https:\/\/www.histoiredyvoir.fr\/wp-content\/uploads\/2016\/11\/midistances.jpg 350w, https:\/\/www.histoiredyvoir.fr\/wp-content\/uploads\/2016\/11\/midistances-150x150.jpg 150w, https:\/\/www.histoiredyvoir.fr\/wp-content\/uploads\/2016\/11\/midistances-300x300.jpg 300w, https:\/\/www.histoiredyvoir.fr\/wp-content\/uploads\/2016\/11\/midistances-180x180.jpg 180w\" sizes=\"(max-width: 350px) 100vw, 350px\" title=\"Les verres mi distances\" alt=\"midistance\" loading=\"lazy\" \t\tclass=\"so-widget-image\"\/>\n\t<\/div>\n\n<\/div><\/div><\/div><div id=\"pgc-24-1-2\"  class=\"panel-grid-cell\" ><div id=\"panel-24-1-2-0\" class=\"so-panel widget widget_sow-editor panel-first-child panel-last-child\" data-index=\"3\" ><div\n\t\t\t\n\t\t\tclass=\"so-widget-sow-editor so-widget-sow-editor-base\"\n\t\t\t\n\t\t>\n<div class=\"siteorigin-widget-tinymce textwidget\">\n\t<h5>\u00a0<\/h5>\n<h5><b>LES VERRES MI DISTANCE<\/b><\/h5>\n<p>Ils s\u2019utilisent\u00a0dans le cadre d\u2019activit\u00e9s sp\u00e9cifiques. L'adaptation est facile et imm\u00e9diate, pour des usages tels que la vision sur \u00e9cran. Ils vous permettent de lire des documents et de travailler sur l\u2019ordinateur, en m\u00eame temps, sans retirer vos lunettes. Ils ne sont cependant pas adapt\u00e9s pour la vision de loin.<\/p>\n<\/div>\n<\/div><\/div><\/div><\/div><div id=\"pg-24-2\"  class=\"panel-grid panel-no-style\" ><div id=\"pgc-24-2-0\"  class=\"panel-grid-cell panel-grid-cell-empty\" ><\/div><div id=\"pgc-24-2-1\"  class=\"panel-grid-cell\" ><div id=\"panel-24-2-1-0\" class=\"so-panel widget widget_sow-editor panel-first-child panel-last-child\" data-index=\"4\" ><div\n\t\t\t\n\t\t\tclass=\"so-widget-sow-editor so-widget-sow-editor-base\"\n\t\t\t\n\t\t>\n<div class=\"siteorigin-widget-tinymce textwidget\">\n\t<h5 style=\"text-align: left;\">\u00a0<\/h5>\n<h5 style=\"text-align: left;\"><b>LES TRAITEMENTS<\/b><\/h5>\n<p>Aujourd'hui un grand nombre de traitements peuvent \u00eatre appliqu\u00e9s sur la surface des verres de lunettes. Ils permettent d'am\u00e9liorer le confort visuel et la qualit\u00e9 de vision.<\/p>\n<ul>\n<li>Anti-reflets<\/li>\n<li>Anti lumi\u00e8re bleue.<\/li>\n<li>Polarisant<\/li>\n<li>Photochromique<\/li>\n<li>...<\/li>\n<\/ul>\n<p>Votre opticien Histoire d'y Voir est le mieux plac\u00e9 pour trouver avec vous\u00a0le type de verre et de traitement qui vous correspond.<\/p>\n<\/div>\n<\/div><\/div><\/div><div id=\"pgc-24-2-2\"  class=\"panel-grid-cell\" ><div id=\"panel-24-2-2-0\" class=\"so-panel widget widget_sow-image panel-first-child panel-last-child\" data-index=\"5\" ><div\n\t\t\t\n\t\t\tclass=\"so-widget-sow-image so-widget-sow-image-default-8b5b6f678277-24\"\n\t\t\t\n\t\t>\n\n<div class=\"sow-image-container\">\n\t\t\t<a href=\"http:\/\/traitementverres\"\n\t\t\t\t\t>\n\t\t\t<img loading=\"lazy\" decoding=\"async\" src=\"https:\/\/www.histoiredyvoir.fr\/wp-content\/uploads\/2016\/11\/traitement.jpg\" width=\"350\" height=\"350\" srcset=\"https:\/\/www.histoiredyvoir.fr\/wp-content\/uploads\/2016\/11\/traitement.jpg 350w, https:\/\/www.histoiredyvoir.fr\/wp-content\/uploads\/2016\/11\/traitement-150x150.jpg 150w, https:\/\/www.histoiredyvoir.fr\/wp-content\/uploads\/2016\/11\/traitement-300x300.jpg 300w, https:\/\/www.histoiredyvoir.fr\/wp-content\/uploads\/2016\/11\/traitement-180x180.jpg 180w\" sizes=\"(max-width: 350px) 100vw, 350px\" alt=\"le traitement des verres\" loading=\"lazy\" \t\tclass=\"so-widget-image\"\/>\n\t<\/a><\/div>\n\n<\/div><\/div><\/div><\/div><div id=\"pg-24-3\"  class=\"panel-grid panel-has-style\" ><div class=\"siteorigin-panels-stretch panel-row-style panel-row-style-for-24-3\" data-stretch-type=\"full\" ><div id=\"pgc-24-3-0\"  class=\"panel-grid-cell\" ><div id=\"panel-24-3-0-0\" class=\"so-panel widget widget_sow-headline panel-first-child\" data-index=\"6\" ><div\n\t\t\t\n\t\t\tclass=\"so-widget-sow-headline so-widget-sow-headline-default-8a8f4a008134-24\"\n\t\t\t\n\t\t><div class=\"sow-headline-container \">\n\t<h2 class='sow-headline'>NOS ENGAGEMENTS POUR VOTRE VUE<\/h2>\t\t\t\t\t<div class=\"decoration\">\n\t\t\t\t\t\t<div class=\"decoration-inside\"><\/div>\n\t\t\t\t\t<\/div>\n\t\t\t\t\t<\/div>\n<\/div><\/div><div id=\"panel-24-3-0-1\" class=\"so-panel widget widget_sow-features panel-last-child\" data-index=\"7\" ><div\n\t\t\t\n\t\t\tclass=\"so-widget-sow-features so-widget-sow-features-default-9843affa9104-24\"\n\t\t\t\n\t\t>\n<div class=\"sow-features-list sow-features-responsive\">\n\n\t\t\t\t\t\t\t\t\t<div\n\t\t\t\tclass=\"sow-features-feature sow-icon-container-position-top\"\n\t\t\t\tstyle=\"display: flex; flex-direction: column; width: calc(25% - 25px);\"\n\t\t\t>\n\t\t\t\n\t\t\t\t\t\t\t\t<div\n\t\t\t\t\tclass=\"sow-icon-container sow-container-none\"\n\t\t\t\t\tstyle=\"color: #4f4f4f; \"\n\t\t\t\t\t>\n\t\t\t\t\t<span class=\"sow-icon-ionicons\" data-sow-icon=\"&#xf373;\"\n\t\tstyle=\"font-size: 45px; color: #4f4f4f\" \n\t\taria-hidden=\"true\"><\/span>\t\t\t\t<\/div>\n\t\t\t\t\n\t\t\t\t<div class=\"textwidget\">\n\t\t\t\t\t\n\t\t\t\t\t\t\t\t\t\t\t<h5>\n\t\t\t\t\t\t\t\n\t\t\t\t\t\t\tORIGINE FRANCE CERTIFI\u00c9E\t\t\t\t\t\t\t\t\t\t\t\t\t<\/h5>\n\t\t\t\t\t\n\t\t\t\t\t\t\t\t\t\t\t<p>Histoire d'y voir vous propose des montures et des verres de fabrication fran\u00e7aise.<\/p>\t\t\t\t\t\n\t\t\t\t\t\t\t\t\t<\/div>\n\t\t\t\t\t\t\t\t\n\t\t\t\t\t\t\t<\/div>\n\n\t\t\t\t\t\t\t\t<div\n\t\t\t\tclass=\"sow-features-feature sow-icon-container-position-top\"\n\t\t\t\tstyle=\"display: flex; flex-direction: column; width: calc(25% - 25px);\"\n\t\t\t>\n\t\t\t\n\t\t\t\t\t\t\t\t<div\n\t\t\t\t\tclass=\"sow-icon-container sow-container-none\"\n\t\t\t\t\tstyle=\"color: #4f4f4f; \"\n\t\t\t\t\t>\n\t\t\t\t\t<span class=\"sow-icon-ionicons\" data-sow-icon=\"&#xf373;\"\n\t\tstyle=\"font-size: 45px; color: #4f4f4f\" \n\t\taria-hidden=\"true\"><\/span>\t\t\t\t<\/div>\n\t\t\t\t\n\t\t\t\t<div class=\"textwidget\">\n\t\t\t\t\t\n\t\t\t\t\t\t\t\t\t\t\t<h5>\n\t\t\t\t\t\t\t\n\t\t\t\t\t\t\tMONTURES GARANTIES 2 ANS\t\t\t\t\t\t\t\t\t\t\t\t\t<\/h5>\n\t\t\t\t\t\n\t\t\t\t\t\t\t\t\t\t\t<p>Histoire d'y voir vous propose la garantie 2 ans de votre monture, l'entretien et le r\u00e9glage gratuit de votre \u00e9quipement.<\/p>\t\t\t\t\t\n\t\t\t\t\t\t\t\t\t<\/div>\n\t\t\t\t\t\t\t\t\n\t\t\t\t\t\t\t<\/div>\n\n\t\t\t\t\t\t\t\t<div\n\t\t\t\tclass=\"sow-features-feature sow-icon-container-position-top\"\n\t\t\t\tstyle=\"display: flex; flex-direction: column; width: calc(25% - 25px);\"\n\t\t\t>\n\t\t\t\n\t\t\t\t\t\t\t\t<div\n\t\t\t\t\tclass=\"sow-icon-container sow-container-none\"\n\t\t\t\t\tstyle=\"color: #4f4f4f; \"\n\t\t\t\t\t>\n\t\t\t\t\t<span class=\"sow-icon-ionicons\" data-sow-icon=\"&#xf373;\"\n\t\tstyle=\"font-size: 45px; color: #4f4f4f\" \n\t\taria-hidden=\"true\"><\/span>\t\t\t\t<\/div>\n\t\t\t\t\n\t\t\t\t<div class=\"textwidget\">\n\t\t\t\t\t\n\t\t\t\t\t\t\t\t\t\t\t<h5>\n\t\t\t\t\t\t\t\n\t\t\t\t\t\t\tGARANTIE D'ADAPTATION\t\t\t\t\t\t\t\t\t\t\t\t\t<\/h5>\n\t\t\t\t\t\n\t\t\t\t\t\t\t\t\t\t\t<p>Histoire d'y voir vous garantit l'adaptation sur tous les types de verres.<\/p>\t\t\t\t\t\n\t\t\t\t\t\t\t\t\t<\/div>\n\t\t\t\t\t\t\t\t\n\t\t\t\t\t\t\t<\/div>\n\n\t\t\t\t\t\t\t\t<div\n\t\t\t\tclass=\"sow-features-feature sow-icon-container-position-top\"\n\t\t\t\tstyle=\"display: flex; flex-direction: column; width: calc(25% - 25px);\"\n\t\t\t>\n\t\t\t\n\t\t\t\t\t\t\t\t<div\n\t\t\t\t\tclass=\"sow-icon-container sow-container-none\"\n\t\t\t\t\tstyle=\"color: ; \"\n\t\t\t\t\t>\n\t\t\t\t\t<span class=\"sow-icon-ionicons\" data-sow-icon=\"&#xf373;\"\n\t\tstyle=\"font-size: 45px; color: #4f4f4f\" \n\t\taria-hidden=\"true\"><\/span>\t\t\t\t<\/div>\n\t\t\t\t\n\t\t\t\t<div class=\"textwidget\">\n\t\t\t\t\t\n\t\t\t\t\t\t\t\t\t\t\t<h5>\n\t\t\t\t\t\t\t\n\t\t\t\t\t\t\tTIERS-PAYANT\t\t\t\t\t\t\t\t\t\t\t\t\t<\/h5>\n\t\t\t\t\t\n\t\t\t\t\t\t\t\t\t\t\t<p>Histoire d'y voir travaille avec la majorit\u00e9 de mutuelles fran\u00e7aises. Pas d'avance de frais et des tarifs pr\u00e9f\u00e9rentiels.<\/p>\t\t\t\t\t\n\t\t\t\t\t\t\t\t\t<\/div>\n\t\t\t\t\t\t\t\t\n\t\t\t\t\t\t\t<\/div>\n\n\t\t\t\n<\/div>\n<\/div><\/div><\/div><\/div><\/div><div id=\"pg-24-4\"  class=\"panel-grid panel-has-style\" ><div class=\"siteorigin-panels-stretch panel-row-style panel-row-style-for-24-4\" data-stretch-type=\"full\" ><div id=\"pgc-24-4-0\"  class=\"panel-grid-cell\" ><div id=\"panel-24-4-0-0\" class=\"so-panel widget widget_sow-social-media-buttons panel-first-child panel-last-child\" data-index=\"8\" ><div\n\t\t\t\n\t\t\tclass=\"so-widget-sow-social-media-buttons so-widget-sow-social-media-buttons-flat-1cf475830d0c-24\"\n\t\t\t\n\t\t>\n\n<div class=\"social-media-button-container\">\n\t\n\t\t<a class=\"ow-button-hover sow-social-media-button-facebook-0 sow-social-media-button\" title=\"Histoire d&#039;y Voir sur Facebook\" aria-label=\"Histoire d&#039;y Voir sur Facebook\" target=\"_blank\" rel=\"noopener noreferrer\" href=\"http:\/\/facebook.com\/histoiredyvoir\" >\n\t\t\t<span>\n\t\t\t\t\t\t\t\t<span class=\"sow-icon-fontawesome sow-fab\" data-sow-icon=\"&#xf39e;\"\n\t\t \n\t\taria-hidden=\"true\"><\/span>\t\t\t\t\t\t\t<\/span>\n\t\t<\/a>\n\t\n\t\t<a class=\"ow-button-hover sow-social-media-button-google-0 sow-social-media-button\" title=\"Histoire d&#039;y Voir sur Google\" aria-label=\"Histoire d&#039;y Voir sur Google\" target=\"_blank\" rel=\"noopener noreferrer\" href=\"http:\/\/google.com\" >\n\t\t\t<span>\n\t\t\t\t\t\t\t\t<span class=\"sow-icon-fontawesome sow-fab\" data-sow-icon=\"&#xf1a0;\"\n\t\t \n\t\taria-hidden=\"true\"><\/span>\t\t\t\t\t\t\t<\/span>\n\t\t<\/a>\n\t\n\t\t<a class=\"ow-button-hover sow-social-media-button-x-twitter-0 sow-social-media-button\" title=\"Histoire d&#039;y Voir sur X Twitter\" aria-label=\"Histoire d&#039;y Voir sur X Twitter\" target=\"_blank\" rel=\"noopener noreferrer\" href=\"https:\/\/twitter.com\/twitter.com\" >\n\t\t\t<span>\n\t\t\t\t\t\t\t\t<span class=\"sow-icon-fontawesome sow-fab\" data-sow-icon=\"&#xe61b;\"\n\t\t \n\t\taria-hidden=\"true\"><\/span>\t\t\t\t\t\t\t<\/span>\n\t\t<\/a>\n\t\n\t\t<a class=\"ow-button-hover sow-social-media-button-envelope-0 sow-social-media-button\" title=\"Histoire d&#039;y Voir sur Envelope\" aria-label=\"Histoire d&#039;y Voir sur Envelope\" target=\"_blank\" rel=\"noopener noreferrer\" href=\"mailto:contact@histoiredyvoir.fr\" >\n\t\t\t<span>\n\t\t\t\t\t\t\t\t<span class=\"sow-icon-fontawesome sow-fas\" data-sow-icon=\"&#xf0e0;\"\n\t\t \n\t\taria-hidden=\"true\"><\/span>\t\t\t\t\t\t\t<\/span>\n\t\t<\/a>\n\t<\/div>\n<\/div><\/div><\/div><\/div><\/div><\/div>","protected":false},"excerpt":{"rendered":"<p>\u00a0\u00a0LES VERRES UNIFOCAUXCe sont les verres de correction les plus utilis\u00e9s. Ils traitent myopie, hyperm\u00e9tropie, astigmatisme ou presbytie. Ils proposent une correction identique sur toute leur surface.Votre opticien Histoire d&rsquo;y voir a choisi les\u00a0verres fran\u00e7ais MontRoyal\u00a0afin de vous proposer qualit\u00e9 et confort de vision\u00a0\u00e0 des prix imbattables. \u00a0LES VERRES MI DISTANCEIls s\u2019utilisent\u00a0dans le cadre d\u2019activit\u00e9s [&hellip;]<\/p>\n","protected":false},"author":1,"featured_media":0,"parent":0,"menu_order":0,"comment_status":"closed","ping_status":"closed","template":"template-full-width.php","meta":{"footnotes":""},"jetpack_sharing_enabled":true,"_links":{"self":[{"href":"https:\/\/www.histoiredyvoir.fr\/index.php\/wp-json\/wp\/v2\/pages\/24"}],"collection":[{"href":"https:\/\/www.histoiredyvoir.fr\/index.php\/wp-json\/wp\/v2\/pages"}],"about":[{"href":"https:\/\/www.histoiredyvoir.fr\/index.php\/wp-json\/wp\/v2\/types\/page"}],"author":[{"embeddable":true,"href":"https:\/\/www.histoiredyvoir.fr\/index.php\/wp-json\/wp\/v2\/users\/1"}],"replies":[{"embeddable":true,"href":"https:\/\/www.histoiredyvoir.fr\/index.php\/wp-json\/wp\/v2\/comments?post=24"}],"version-history":[{"count":16,"href":"https:\/\/www.histoiredyvoir.fr\/index.php\/wp-json\/wp\/v2\/pages\/24\/revisions"}],"predecessor-version":[{"id":339,"href":"https:\/\/www.histoiredyvoir.fr\/index.php\/wp-json\/wp\/v2\/pages\/24\/revisions\/339"}],"wp:attachment":[{"href":"https:\/\/www.histoiredyvoir.fr\/index.php\/wp-json\/wp\/v2\/media?parent=24"}],"curies":[{"name":"wp","href":"https:\/\/api.w.org\/{rel}","templated":true}]}}